{"id":6503,"date":"2024-11-13T10:41:05","date_gmt":"2024-11-13T09:41:05","guid":{"rendered":"https:\/\/sedanamedical.com\/politica-de-privacidad\/"},"modified":"2025-05-13T17:44:52","modified_gmt":"2025-05-13T15:44:52","slug":"politica-de-privacidad","status":"publish","type":"page","link":"https:\/\/sedanamedical.com\/es\/gobierno-corporativo\/politica-de-privacidad\/","title":{"rendered":"Pol\u00edtica de privacidad"},"content":{"rendered":"<p>[et_pb_section fb_built=\u00bb1&#8243; admin_label=\u00bbBreadcrumb Section\u00bb _builder_version=\u00bb4.27.0&#8243; _module_preset=\u00bbdefault\u00bb background_color=\u00bb#f8f8f8&#8243; custom_padding=\u00bb15px|20px|15px|20px|false|false\u00bb da_disable_devices=\u00bboff|off|off\u00bb locked=\u00bboff\u00bb global_colors_info=\u00bb{}\u00bb da_is_popup=\u00bboff\u00bb da_exit_intent=\u00bboff\u00bb da_has_close=\u00bbon\u00bb da_alt_close=\u00bboff\u00bb da_dark_close=\u00bboff\u00bb da_not_modal=\u00bbon\u00bb da_is_singular=\u00bboff\u00bb da_with_loader=\u00bboff\u00bb da_has_shadow=\u00bbon\u00bb][et_pb_row _builder_version=\u00bb4.27.0&#8243; _module_preset=\u00bbdefault\u00bb width=\u00bb100%\u00bb width_tablet=\u00bb100%\u00bb width_phone=\u00bb100%\u00bb width_last_edited=\u00bbon|desktop\u00bb max_width=\u00bb1296px\u00bb custom_padding=\u00bb0px||0px||false|false\u00bb global_colors_info=\u00bb{}\u00bb][et_pb_column type=\u00bb4_4&#8243; _builder_version=\u00bb4.27.0&#8243; _module_preset=\u00bbdefault\u00bb global_colors_info=\u00bb{}\u00bb][et_pb_text ul_type=\u00bbnone\u00bb admin_label=\u00bbBreadcrumb Menu\u00bb module_class=\u00bbbreadcrumb-menu\u00bb _builder_version=\u00bb4.27.0&#8243; _module_preset=\u00bbdefault\u00bb text_font=\u00bbSofia Pro Light|||on|||||\u00bb text_text_color=\u00bb#981e97&#8243; text_letter_spacing=\u00bb0.07rem\u00bb link_font=\u00bbSofia Pro Light|||on|||||\u00bb link_text_color=\u00bb#002145&#8243; link_letter_spacing=\u00bb0.07rem\u00bb ul_font=\u00bbSofia Pro Light||||||||\u00bb ul_text_align=\u00bbleft\u00bb global_colors_info=\u00bb{}\u00bb link_text_color__hover_enabled=\u00bbon|hover\u00bb link_text_color__hover=\u00bb#009ee6&#8243;]<\/p>\n<ul>\n<li><a href=\"\/\">Inicio<\/a><\/li>\n<li class=\"active\">Pol\u00edtica de privacidad<\/li>\n<\/ul>\n<p>[\/et_pb_text][\/et_pb_column][\/et_pb_row][\/et_pb_section][et_pb_section fb_built=\u00bb1&#8243; _builder_version=\u00bb4.27.0&#8243; _module_preset=\u00bbdefault\u00bb background_color=\u00bb#f8f8f8&#8243; custom_padding=\u00bb|20px||20px|false|false\u00bb da_disable_devices=\u00bboff|off|off\u00bb global_colors_info=\u00bb{}\u00bb da_is_popup=\u00bboff\u00bb da_exit_intent=\u00bboff\u00bb da_has_close=\u00bbon\u00bb da_alt_close=\u00bboff\u00bb da_dark_close=\u00bboff\u00bb da_not_modal=\u00bbon\u00bb da_is_singular=\u00bboff\u00bb da_with_loader=\u00bboff\u00bb da_has_shadow=\u00bbon\u00bb][et_pb_row custom_padding_last_edited=\u00bbon|phone\u00bb _builder_version=\u00bb4.27.0&#8243; _module_preset=\u00bbdefault\u00bb width=\u00bb100%\u00bb width_tablet=\u00bb100%\u00bb width_phone=\u00bb100%\u00bb width_last_edited=\u00bbon|desktop\u00bb max_width=\u00bb990px\u00bb custom_padding_tablet=\u00bb0px||0px||true|false\u00bb custom_padding_phone=\u00bb0px||0px||true|false\u00bb collapsed=\u00bboff\u00bb global_colors_info=\u00bb{}\u00bb][et_pb_column type=\u00bb4_4&#8243; _builder_version=\u00bb4.27.0&#8243; _module_preset=\u00bbdefault\u00bb global_colors_info=\u00bb{}\u00bb][et_pb_heading title=\u00bbPol\u00edtica de privacidad\u00bb _builder_version=\u00bb4.27.0&#8243; _module_preset=\u00bbdefault\u00bb title_font=\u00bbSofiapro-light Final|300||on|||||\u00bb title_text_color=\u00bb#009ee6&#8243; title_font_size=\u00bb28px\u00bb title_letter_spacing=\u00bb0.05rem\u00bb title_line_height=\u00bb28px\u00bb title_font_size_tablet=\u00bb24px\u00bb title_font_size_phone=\u00bb22px\u00bb title_font_size_last_edited=\u00bbon|phone\u00bb title_line_height_tablet=\u00bb1em\u00bb title_line_height_phone=\u00bb1em\u00bb title_line_height_last_edited=\u00bbon|desktop\u00bb global_colors_info=\u00bb{}\u00bb][\/et_pb_heading][et_pb_text module_class=\u00bbprivacy_heading\u00bb _builder_version=\u00bb4.27.4&#8243; _module_preset=\u00bbdefault\u00bb text_font=\u00bbSofia Pro Light|300|||||||\u00bb text_text_color=\u00bb#666666&#8243; text_font_size=\u00bb18px\u00bb text_letter_spacing=\u00bb0.03rem\u00bb text_line_height=\u00bb28px\u00bb header_font=\u00bbSofia Pro Light|300|||||||\u00bb header_font_size=\u00bb18px\u00bb header_line_height=\u00bb28px\u00bb header_2_font=\u00bbSofia Pro Light||||||||\u00bb header_2_font_size=\u00bb22px\u00bb header_2_line_height=\u00bb32px\u00bb header_4_font=\u00bbSofiapro-light Final|300|||||||\u00bb header_4_font_size=\u00bb20px\u00bb header_4_line_height=\u00bb30px\u00bb header_5_line_height=\u00bb26px\u00bb text_font_size_tablet=\u00bb16px\u00bb text_font_size_phone=\u00bb16px\u00bb text_font_size_last_edited=\u00bbon|phone\u00bb header_font_size_tablet=\u00bb18px\u00bb header_font_size_phone=\u00bb16px\u00bb header_font_size_last_edited=\u00bbon|phone\u00bb header_line_height_tablet=\u00bb28px\u00bb header_line_height_phone=\u00bb26px\u00bb header_line_height_last_edited=\u00bbon|phone\u00bb header_2_font_size_tablet=\u00bb22px\u00bb header_2_font_size_phone=\u00bb20px\u00bb header_2_font_size_last_edited=\u00bbon|phone\u00bb header_2_line_height_tablet=\u00bb32px\u00bb header_2_line_height_phone=\u00bb30px\u00bb header_2_line_height_last_edited=\u00bbon|phone\u00bb header_4_font_size_tablet=\u00bb20px\u00bb header_4_font_size_phone=\u00bb18px\u00bb header_4_font_size_last_edited=\u00bbon|phone\u00bb header_4_line_height_tablet=\u00bb30px\u00bb header_4_line_height_phone=\u00bb28px\u00bb header_4_line_height_last_edited=\u00bbon|desktop\u00bb header_5_font_size_tablet=\u00bb\u00bb header_5_font_size_phone=\u00bb\u00bb header_5_font_size_last_edited=\u00bbon|desktop\u00bb header_5_line_height_tablet=\u00bb26px\u00bb header_5_line_height_phone=\u00bb26px\u00bb header_5_line_height_last_edited=\u00bbon|phone\u00bb global_colors_info=\u00bb{}\u00bb]<\/p>\n<h2><strong>1 RESUMEN EJECUTIVO<\/strong><\/h2>\n<p>Esta Pol\u00edtica de Privacidad describe c\u00f3mo Sedana Medical AB (publ), reg. no. 556670-2519, y las entidades del grupo Sedana Medical tratan los datos personales. Dichas entidades del grupo Sedana Medical act\u00faan como responsables del tratamiento de sus respectivos datos personales. Con respecto a nuestro uso de cookies, nos remitimos a nuestra <a href=\"https:\/\/sedanamedical.com\/es\/politica-de-cookies\/\">Pol\u00edtica de Cookies<\/a>.   <\/p>\n<p>Nos importa tu integridad personal. Por eso es importante para nosotros proteger tus datos personales y garantizar que nuestro tratamiento de los mismos es correcto y l\u00edcito. Esta Pol\u00edtica de privacidad te ayudar\u00e1 a comprender qu\u00e9 tipo de datos personales sobre ti recopilamos y c\u00f3mo se utilizan, as\u00ed como tus derechos como interesado. Te pedimos que leas atentamente esta Pol\u00edtica de Privacidad y te familiarices con su contenido.   <\/p>\n<p>Confiamos en que esta Pol\u00edtica de privacidad responda a tus preguntas sobre nuestra recopilaci\u00f3n, uso, protecci\u00f3n y divulgaci\u00f3n de tus datos personales. Si tienes m\u00e1s preguntas, ponte en contacto con nosotros en la direcci\u00f3n arriba indicada o en gdpr@sedanamedical.com. <\/p>\n<p>Es posible que a veces necesitemos realizar actualizaciones o cambios en esta Pol\u00edtica de Privacidad. La fecha de la actualizaci\u00f3n m\u00e1s reciente de esta Pol\u00edtica de Privacidad se indica al final de la misma. <\/p>\n<h2><strong>2 \u00bfC\u00d3MO TRATAMOS LOS DATOS PERSONALES?<\/strong><\/h2>\n<h4><strong>2.1 C\u00f3mo recogemos tus datos personales<\/strong><\/h4>\n<p>Recogemos tus datos personales cuando te inscribes en boletines, eventos o formaci\u00f3n sobre productos, te registras en Sedasource, ShowPad, PromoMats o sistemas similares, o de cualquier otra forma nos proporcionas tus datos personales, incluso si entramos en contacto contigo personalmente o si recibimos tus datos personales de proveedores de servicios o socios colaboradores, como nuestros distribuidores.<\/p>\n<h4><strong>2.2 Por qu\u00e9 tratamos tus datos personales, fundamento jur\u00eddico de nuestro tratamiento y per\u00edodo de conservaci\u00f3n<\/strong><\/h4>\n<p>En esta secci\u00f3n, describimos por qu\u00e9 procesamos tus datos personales, en qu\u00e9 motivos legales se basa nuestro procesamiento y durante cu\u00e1nto tiempo almacenamos los datos.<\/p>\n<h5><strong>2.2.1 Crear y desarrollar relaciones comerciales potenciales<\/strong><\/h5>\n<p>Tratamos datos personales para crear y, a partir de ah\u00ed, mantener y desarrollar relaciones comerciales con clientes actuales o potenciales, socios y otros contactos comerciales (incluidos, por ejemplo, inversores, proveedores, fabricantes, contactos de investigaci\u00f3n y desarrollo, consultores, ponentes de simposios para eventos e investigadores de estudios cl\u00ednicos).<\/p>\n<p>Si trabajas para un cliente actual o potencial, socio u otro contacto comercial y entramos en contacto contigo personalmente, por ejemplo durante visitas a hospitales o formaciones, detallando llamadas, en conferencias, ferias, otras reuniones personales o de otro modo, podemos procesar tus datos personales del siguiente modo:<\/p>\n<p>[\/et_pb_text][et_pb_text admin_label=\u00bbTable\u00bb module_class=\u00bbprivacy-table\u00bb _builder_version=\u00bb4.27.4&#8243; _module_preset=\u00bbdefault\u00bb text_font=\u00bbSofia Pro Light|300|||||||\u00bb text_font_size=\u00bb18px\u00bb text_letter_spacing=\u00bb0.04rem\u00bb custom_padding=\u00bb15px||1px||false|false\u00bb text_font_size_tablet=\u00bb16px\u00bb text_font_size_phone=\u00bb16px\u00bb text_font_size_last_edited=\u00bbon|desktop\u00bb locked=\u00bboff\u00bb global_colors_info=\u00bb{}\u00bb]<\/p>\n<table style=\"border-collapse: collapse; width: 100%; border: 0px;\" border=\"0\">\n<tbody>\n<tr style=\"background: #eeeeee;\">\n<td style=\"width: 33.33%; color: #686868; padding: 8px 20px;\"><strong>Finalidad<\/strong><\/td>\n<td style=\"width: 33.33%; color: #686868; padding: 8px 20px;\"><strong>Tratamiento<\/strong><\/td>\n<td style=\"width: 33.33%; color: #686868; padding: 8px 20px;\"><strong>Categor\u00edas de datos personales<\/strong><\/td>\n<\/tr>\n<tr style=\"background: #f8f8f8;\">\n<td style=\"width: 33.33%; color: #686868; padding: 8px 20px;\">&#8211; Para poder ponernos en contacto contigo con el fin de crear y posteriormente mantener y desarrollar nuestro nivel de servicio o nuestra relaci\u00f3n contigo o con tu organizaci\u00f3n<\/td>\n<td style=\"width: 33.33%; color: #686868; padding: 8px 20px;\">&#8211; Almacenamiento de datos personales en nuestros sistemas<br \/>&#8211; Comunicaci\u00f3n contigo<\/td>\n<td style=\"width: 33.33%; color: #686868; padding: 8px 20px;\">&#8211; Nombre<br \/>&#8211; Datos de contacto (como direcci\u00f3n de la empresa, direcci\u00f3n de correo electr\u00f3nico y n\u00famero de tel\u00e9fono)<br \/>&#8211; Informaci\u00f3n relativa a la organizaci\u00f3n que representas<\/td>\n<\/tr>\n<tr style=\"background: #eeeeee;\">\n<td padding:=\"\" colspan=\"3\"><strong>Fundamento jur\u00eddico: <\/strong>Inter\u00e9s leg\u00edtimo. El tratamiento es necesario para satisfacer nuestro inter\u00e9s leg\u00edtimo de crear y, posteriormente, mantener y desarrollar relaciones profesionales con clientes potenciales y otros socios. <\/td>\n<\/tr>\n<tr style=\"background: #f8f8f8;\">\n<td style=\"width: 100%; color: #686868; padding: 8px 20px;\" colspan=\"3\"><strong>Per\u00edodo de almacenamiento: <\/strong>Durante un per\u00edodo de seis (6) meses despu\u00e9s de la recogida de los datos personales (a menos que durante este tiempo se cree una relaci\u00f3n profesional entre nosotros y t\u00fa como contacto o hayas indicado de otro modo que quieres seguir en contacto con nosotros).<\/td>\n<\/tr>\n<\/tbody>\n<\/table>\n<p>[\/et_pb_text][et_pb_text _builder_version=\u00bb4.27.0&#8243; _module_preset=\u00bbdefault\u00bb text_font=\u00bbSofia Pro Light|300|||||||\u00bb text_text_color=\u00bb#686868&#8243; text_font_size=\u00bb18px\u00bb text_letter_spacing=\u00bb0.03rem\u00bb text_line_height=\u00bb1.8em\u00bb header_5_line_height=\u00bb26px\u00bb text_font_size_tablet=\u00bb16px\u00bb text_font_size_phone=\u00bb16px\u00bb text_font_size_last_edited=\u00bbon|tablet\u00bb global_colors_info=\u00bb{}\u00bb]<\/p>\n<h5><strong>2.2.2 Mantener y desarrollar las relaciones comerciales existentes<\/strong><\/h5>\n<p>Tratamos los datos personales para mantener y desarrollar las relaciones comerciales de los clientes, socios y otros contactos comerciales existentes (incluidos, por ejemplo, inversores, proveedores, fabricantes, contactos de investigaci\u00f3n y desarrollo, consultores, ponentes de simposios para eventos e investigadores de estudios cl\u00ednicos).<\/p>\n<p>Si eres o trabajas para un cliente actual, socio u otro contacto comercial, procesamos tus datos personales de la siguiente manera:<\/p>\n<p>[\/et_pb_text][et_pb_text admin_label=\u00bbTable\u00bb module_class=\u00bbprivacy-table\u00bb _builder_version=\u00bb4.27.4&#8243; _module_preset=\u00bbdefault\u00bb text_font=\u00bbSofia Pro Light|300|||||||\u00bb text_font_size=\u00bb18px\u00bb text_letter_spacing=\u00bb0.04rem\u00bb custom_padding=\u00bb15px||1px||false|false\u00bb text_font_size_tablet=\u00bb16px\u00bb text_font_size_phone=\u00bb16px\u00bb text_font_size_last_edited=\u00bbon|desktop\u00bb locked=\u00bboff\u00bb global_colors_info=\u00bb{}\u00bb]<\/p>\n<table style=\"border-collapse: collapse; width: 100%; border: 0px;\" border=\"0\">\n<tbody>\n<tr style=\"background: #eeeeee;\">\n<td style=\"width: 33.33%; color: #686868; padding: 8px 20px;\"><strong>Finalidad<\/strong><\/td>\n<td style=\"width: 33.33%; color: #686868; padding: 8px 20px;\"><strong>Tratamiento<\/strong><\/td>\n<td style=\"width: 33.33%; color: #686868; padding: 8px 20px;\"><strong>Categor\u00edas de datos personales<\/strong><\/td>\n<\/tr>\n<tr style=\"background: #f8f8f8;\">\n<td style=\"width: 33.33%; color: #686868; padding: 8px 20px;\">&#8211; Para poder ponernos en contacto contigo en tu calidad de persona de contacto de nuestro cliente, socio u otro contacto comercial<\/td>\n<td style=\"width: 33.33%; color: #686868; padding: 8px 20px;\">&#8211; Almacenamiento de datos personales en nuestros sistemas, incluido el almacenamiento de contratos que hayas firmado en nombre de una organizaci\u00f3n<br \/>&#8211; Comunicarnos contigo<br \/>&#8211; Realizar pagos a <\/td>\n<td style=\"width: 33.33%; color: #686868; padding: 8px 20px;\">&#8211; Nombre<br \/>&#8211; Datos de contacto (como direcci\u00f3n de la empresa, direcci\u00f3n de correo electr\u00f3nico y n\u00famero de tel\u00e9fono)<br \/>&#8211; Informaci\u00f3n relativa a la organizaci\u00f3n que representas (incluida la informaci\u00f3n bancaria)<\/td>\n<\/tr>\n<tr style=\"background: #eeeeee;\">\n<td style=\"width: 100%; color: #686868; padding: 8px 20px;\" colspan=\"3\"><strong>Fundamento jur\u00eddico: <\/strong>Inter\u00e9s leg\u00edtimo. El tratamiento es necesario para cumplir nuestro inter\u00e9s leg\u00edtimo de mantener y desarrollar nuestras relaciones profesionales con nuestros clientes, socios y contactos comerciales, incluso con el fin de proporcionar nuestros bienes y servicios. <\/td>\n<\/tr>\n<tr style=\"background: #f8f8f8;\">\n<td style=\"width: 100%; color: #686868; padding: 8px 20px;\" colspan=\"3\"><strong>Per\u00edodo de almacenamiento: <\/strong>Mientras consideremos que los datos personales son necesarios para este fin. Borramos o anonimizamos tus datos cuando consideramos que ya no son necesarios para este fin o si ya no son adecuados, por ejemplo, si finaliza nuestra relaci\u00f3n con tu empresa, ya no representas a la empresa en cuesti\u00f3n o a petici\u00f3n tuya. <\/td>\n<\/tr>\n<\/tbody>\n<\/table>\n<p>[\/et_pb_text][et_pb_text admin_label=\u00bbText\u00bb _builder_version=\u00bb4.27.4&#8243; _module_preset=\u00bbdefault\u00bb text_font=\u00bbSofia Pro Light|300|||||||\u00bb text_text_color=\u00bb#686868&#8243; text_font_size=\u00bb18px\u00bb text_letter_spacing=\u00bb0.03rem\u00bb text_line_height=\u00bb1.8em\u00bb header_5_line_height=\u00bb26px\u00bb text_font_size_tablet=\u00bb16px\u00bb text_font_size_phone=\u00bb16px\u00bb text_font_size_last_edited=\u00bbon|desktop\u00bb global_colors_info=\u00bb{}\u00bb]<\/p>\n<h5><strong>2.2.3 Cumplir nuestros requisitos de calidad<\/strong><\/h5>\n<p>Tratamos los datos personales para cumplir la norma de calidad ISO 13485:2016 y las \u00e1reas GXP pertinentes, que establece los requisitos para el mantenimiento y la mejora de un sistema de gesti\u00f3n de la calidad para las organizaciones que suministran productos sanitarios y farmac\u00e9uticos que cumpla y satisfaga los requisitos reglamentarios, as\u00ed como los requisitos de los clientes.<\/p>\n<p>[\/et_pb_text][et_pb_text admin_label=\u00bbTable\u00bb module_class=\u00bbprivacy-table\u00bb _builder_version=\u00bb4.27.4&#8243; _module_preset=\u00bbdefault\u00bb text_font=\u00bbSofia Pro Light|300|||||||\u00bb text_font_size=\u00bb18px\u00bb text_letter_spacing=\u00bb0.04rem\u00bb custom_padding=\u00bb15px||1px||false|false\u00bb text_font_size_tablet=\u00bb16px\u00bb text_font_size_phone=\u00bb16px\u00bb text_font_size_last_edited=\u00bbon|desktop\u00bb locked=\u00bboff\u00bb global_colors_info=\u00bb{}\u00bb]<\/p>\n<table style=\"border-collapse: collapse; width: 100%; border: 0px;\" border=\"0\">\n<tbody>\n<tr style=\"background: #eeeeee;\">\n<td style=\"width: 33.33%; color: #686868; padding: 8px 20px;\"><strong>Finalidad<\/strong><\/td>\n<td style=\"width: 33.33%; color: #686868; padding: 8px 20px;\"><strong>Tratamiento<\/strong><\/td>\n<td style=\"width: 33.33%; color: #686868; padding: 8px 20px;\"><strong>Categor\u00edas de datos personales<\/strong><\/td>\n<\/tr>\n<tr style=\"background: #f8f8f8;\">\n<td style=\"width: 33.33%; color: #686868; padding: 8px 20px;\">&#8211; Cumplir los requisitos establecidos en la norma ISO 13485:2016 y las \u00e1reas GXP pertinentes, como cGCP, cGDP, cGVP.<\/td>\n<td style=\"width: 33.33%; color: #686868; padding: 8px 20px;\">&#8211; Almacenamiento de datos de contacto de nuestros proveedores o distribuidores<br \/>&#8211; Mantenimiento de un registro de reclamaciones presentadas<br \/>&#8211; Almacenamiento de registros de formaci\u00f3n relativos a nuestros clientes<\/td>\n<td style=\"width: 33.33%; color: #686868; padding: 8px 20px;\">&#8211; Nombre<br \/>&#8211; Datos de contacto (como direcci\u00f3n de la empresa, profesi\u00f3n, CV, direcci\u00f3n de correo electr\u00f3nico y n\u00famero de tel\u00e9fono)<\/td>\n<\/tr>\n<tr style=\"background: #eeeeee;\">\n<td style=\"width: 100%; color: #686868; padding: 8px 20px;\" colspan=\"3\"><strong>Motivo legal: <\/strong>Inter\u00e9s leg\u00edtimo u obligaci\u00f3n legal. El tratamiento es necesario para cumplir nuestro inter\u00e9s leg\u00edtimo de mantener nuestro sistema de gesti\u00f3n de calidad ISO 13485:2016 y cumplir la legislaci\u00f3n aplicable para informar sobre reclamaciones. <\/td>\n<\/tr>\n<tr style=\"background: #f8f8f8;\">\n<td style=\"width: 100%; color: #686868; padding: 8px 20px;\" colspan=\"3\"><strong>Periodo de almacenamiento: <\/strong>Durante el plazo del contrato correspondiente o un periodo de 15 a\u00f1os a partir de la fecha de recepci\u00f3n de la mercanc\u00eda o de la reclamaci\u00f3n.<\/td>\n<\/tr>\n<\/tbody>\n<\/table>\n<p>[\/et_pb_text][et_pb_text admin_label=\u00bbText\u00bb _builder_version=\u00bb4.27.4&#8243; _module_preset=\u00bbdefault\u00bb text_font=\u00bbSofia Pro Light|300|||||||\u00bb text_text_color=\u00bb#686868&#8243; text_font_size=\u00bb18px\u00bb text_letter_spacing=\u00bb0.03rem\u00bb text_line_height=\u00bb1.8em\u00bb ul_font_size=\u00bb18px\u00bb ul_letter_spacing=\u00bb0.03rem\u00bb ul_line_height=\u00bb1.8em\u00bb ol_font_size=\u00bb18px\u00bb ol_letter_spacing=\u00bb0.03rem\u00bb ol_line_height=\u00bb1.8em\u00bb header_2_font=\u00bbSofia Pro Light||||||||\u00bb header_2_font_size=\u00bb22px\u00bb header_2_line_height=\u00bb32px\u00bb header_4_font=\u00bbSofiapro-light Final|300|||||||\u00bb header_4_font_size=\u00bb20px\u00bb header_4_line_height=\u00bb30px\u00bb header_5_line_height=\u00bb26px\u00bb text_font_size_tablet=\u00bb16px\u00bb text_font_size_phone=\u00bb16px\u00bb text_font_size_last_edited=\u00bbon|desktop\u00bb ul_font_size_tablet=\u00bb16px\u00bb ul_font_size_phone=\u00bb16px\u00bb ul_font_size_last_edited=\u00bbon|desktop\u00bb ol_font_size_tablet=\u00bb16px\u00bb ol_font_size_phone=\u00bb16px\u00bb ol_font_size_last_edited=\u00bbon|desktop\u00bb header_2_font_size_tablet=\u00bb22px\u00bb header_2_font_size_phone=\u00bb20px\u00bb header_2_font_size_last_edited=\u00bbon|phone\u00bb header_2_line_height_tablet=\u00bb32px\u00bb header_2_line_height_phone=\u00bb30px\u00bb header_2_line_height_last_edited=\u00bbon|phone\u00bb header_4_font_size_tablet=\u00bb20px\u00bb header_4_font_size_phone=\u00bb18px\u00bb header_4_font_size_last_edited=\u00bbon|phone\u00bb header_4_line_height_tablet=\u00bb30px\u00bb header_4_line_height_phone=\u00bb28px\u00bb header_4_line_height_last_edited=\u00bbon|phone\u00bb global_colors_info=\u00bb{}\u00bb]<\/p>\n<h5><strong>2.2.4 Enviarte boletines y marketing<\/strong><\/h5>\n<p>Procesamos tu nombre y direcci\u00f3n de correo electr\u00f3nico para enviarte la informaci\u00f3n solicitada o los boletines informativos. Puedes optar por no recibir m\u00e1s boletines en cualquier momento utilizando el enlace para darse de baja que aparece en cada mensaje. <\/p>\n<p>[\/et_pb_text][et_pb_text admin_label=\u00bbTable\u00bb module_class=\u00bbprivacy-table\u00bb _builder_version=\u00bb4.27.4&#8243; _module_preset=\u00bbdefault\u00bb text_font=\u00bbSofia Pro Light|300|||||||\u00bb text_font_size=\u00bb18px\u00bb text_letter_spacing=\u00bb0.04rem\u00bb custom_padding=\u00bb15px||1px||false|false\u00bb text_font_size_tablet=\u00bb16px\u00bb text_font_size_phone=\u00bb16px\u00bb text_font_size_last_edited=\u00bbon|desktop\u00bb locked=\u00bboff\u00bb global_colors_info=\u00bb{}\u00bb]<\/p>\n<table style=\"border-collapse: collapse; width: 100%; border: 0px;\" border=\"0\">\n<tbody>\n<tr style=\"background: #eeeeee;\">\n<td style=\"width: 33.33%; color: #686868; padding: 8px 20px;\"><strong>Finalidad<\/strong><\/td>\n<td style=\"width: 33.33%; color: #686868; padding: 8px 20px;\"><strong>Tratamiento<\/strong><\/td>\n<td style=\"width: 33.33%; color: #686868; padding: 8px 20px;\"><strong>Categor\u00edas de datos personales<\/strong><\/td>\n<\/tr>\n<tr style=\"background: #f8f8f8;\">\n<td style=\"width: 33.33%; color: #686868; padding: 8px 20px;\">&#8211; Para poder ponerte al d\u00eda sobre informaci\u00f3n o actividades cient\u00edficas en tu calidad de persona de contacto de nuestro cliente, socio u otro contacto comercial<\/td>\n<td style=\"width: 33.33%; color: #686868; padding: 8px 20px;\">&#8211; Almacenamiento de datos personales en nuestros sistemas, <br \/>&#8211; Comunicarnos contigo<\/td>\n<td style=\"width: 33.33%; color: #686868; padding: 8px 20px;\">&#8211; Nombre<br \/>&#8211; Datos de contacto (como direcci\u00f3n de correo electr\u00f3nico, direcci\u00f3n IP, profesi\u00f3n y n\u00famero de tel\u00e9fono)<\/td>\n<\/tr>\n<tr style=\"background: #eeeeee;\">\n<td style=\"width: 100%; color: #686868; padding: 8px 20px;\" colspan=\"3\"><strong>Fundamento jur\u00eddico:<\/strong>Inter\u00e9s leg\u00edtimo. El tratamiento es necesario para cumplir nuestro inter\u00e9s leg\u00edtimo de mantener y desarrollar nuestras relaciones profesionales con nuestros clientes, socios y contactos comerciales, incluso con el fin de proporcionar informaci\u00f3n cient\u00edfica y educativa. En algunos pa\u00edses tambi\u00e9n se utiliza el consentimiento previo.  <\/td>\n<\/tr>\n<tr style=\"background: #f8f8f8;\">\n<td style=\"width: 100%; color: #686868; padding: 8px 20px;\" colspan=\"3\"><strong>Per\u00edodo de almacenamiento:<\/strong>Almacenamos tus datos con este fin mientras est\u00e9s suscrito a nuestros boletines. Si has optado por no recibir m\u00e1s mensajes, guardaremos una nota de dicha exclusi\u00f3n y bloquearemos tu direcci\u00f3n de correo electr\u00f3nico para asegurarnos de que no recibas m\u00e1s mensajes. <\/td>\n<\/tr>\n<\/tbody>\n<\/table>\n<p>[\/et_pb_text][et_pb_text admin_label=\u00bbText\u00bb _builder_version=\u00bb4.27.4&#8243; _module_preset=\u00bbdefault\u00bb text_font=\u00bbSofia Pro Light|300|||||||\u00bb text_text_color=\u00bb#686868&#8243; text_font_size=\u00bb18px\u00bb text_letter_spacing=\u00bb0.03rem\u00bb text_line_height=\u00bb1.8em\u00bb ul_font_size=\u00bb18px\u00bb ul_letter_spacing=\u00bb0.03rem\u00bb ul_line_height=\u00bb1.8em\u00bb ol_font_size=\u00bb18px\u00bb ol_letter_spacing=\u00bb0.03rem\u00bb ol_line_height=\u00bb1.8em\u00bb header_2_font=\u00bbSofia Pro Light||||||||\u00bb header_2_font_size=\u00bb22px\u00bb header_2_line_height=\u00bb32px\u00bb header_4_font=\u00bbSofiapro-light Final|300|||||||\u00bb header_4_font_size=\u00bb20px\u00bb header_4_line_height=\u00bb30px\u00bb header_5_line_height=\u00bb26px\u00bb hover_enabled=\u00bb0&#8243; text_font_size_tablet=\u00bb16px\u00bb text_font_size_phone=\u00bb16px\u00bb text_font_size_last_edited=\u00bbon|desktop\u00bb ul_font_size_tablet=\u00bb16px\u00bb ul_font_size_phone=\u00bb16px\u00bb ul_font_size_last_edited=\u00bbon|desktop\u00bb ol_font_size_tablet=\u00bb16px\u00bb ol_font_size_phone=\u00bb16px\u00bb ol_font_size_last_edited=\u00bbon|desktop\u00bb header_2_font_size_tablet=\u00bb22px\u00bb header_2_font_size_phone=\u00bb20px\u00bb header_2_font_size_last_edited=\u00bbon|phone\u00bb header_2_line_height_tablet=\u00bb32px\u00bb header_2_line_height_phone=\u00bb30px\u00bb header_2_line_height_last_edited=\u00bbon|phone\u00bb header_4_font_size_tablet=\u00bb20px\u00bb header_4_font_size_phone=\u00bb18px\u00bb header_4_font_size_last_edited=\u00bbon|phone\u00bb header_4_line_height_tablet=\u00bb30px\u00bb header_4_line_height_phone=\u00bb28px\u00bb header_4_line_height_last_edited=\u00bbon|phone\u00bb global_colors_info=\u00bb{}\u00bb sticky_enabled=\u00bb0&#8243;]<\/p>\n<h4><strong>2.3 Proteger nuestros servicios<\/strong><\/h4>\n<p>Cuando te suscribes a nuestro bolet\u00edn, tambi\u00e9n almacenamos tu direcci\u00f3n IP en el momento de la inscripci\u00f3n, as\u00ed como la fecha y la hora de la inscripci\u00f3n. Almacenamos estos datos para comprender el (posible) uso indebido de las direcciones de correo electr\u00f3nico y evitar el uso indebido de nuestros servicios. <\/p>\n<p>Nuestro tratamiento con este fin es necesario para satisfacer nuestro inter\u00e9s leg\u00edtimo de proteger y prevenir el uso indebido de nuestros servicios.<\/p>\n<p>Con este fin, almacenamos tus datos durante el per\u00edodo de tiempo en que te suscribes a nuestro bolet\u00edn de noticias y, a partir de entonces, los eliminaremos o anonimizaremos de cualquier otra forma.<\/p>\n<h5><strong>2.3.1 Cumplir las obligaciones legales<\/strong><\/h5>\n<p>Tambi\u00e9n podemos procesar tus datos personales para cumplir con obligaciones legales establecidas por ley o por decisi\u00f3n de un tribunal u otras autoridades. Estos requisitos pueden estar relacionados con la legislaci\u00f3n sobre contabilidad, productos sanitarios, productos farmac\u00e9uticos y lucha contra el soborno. El tratamiento que realizamos con este fin es el necesario para cumplir las obligaciones legales que nos son aplicables.  <\/p>\n<h4><strong>2.4 C\u00f3mo compartimos tus datos personales<\/strong><\/h4>\n<p>Podemos compartir tus datos personales con los siguientes tipos de terceros:<\/p>\n<ol type=\"1\">\n<li><em>Proveedores de servicios:<\/em> Utilizamos proveedores de servicios externos para gestionar algunos aspectos de nuestras operaciones empresariales. Compartimos datos personales con dichos terceros en relaci\u00f3n con la infraestructura inform\u00e1tica, los servicios operativos y de alojamiento, las comunicaciones por correo electr\u00f3nico y otros servicios inform\u00e1ticos. Cuando utilicemos dichos proveedores de servicios, firmaremos un acuerdo de procesamiento de datos con el proveedor de servicios que le obligue a garantizar que tus datos personales s\u00f3lo se procesan de acuerdo con nuestras instrucciones y esta Pol\u00edtica de privacidad.  <\/li>\n<li><em>Socios comerciales:<\/em><\/li>\n<li><em>Autoridades:<\/em> Cuando la ley nos obligue, podemos compartir tus datos personales con autoridades p\u00fablicas como la polic\u00eda o las autoridades fiscales.<\/li>\n<\/ol>\n<h2><strong>3 MEDIDAS DE SEGURIDAD<\/strong><\/h2>\n<p>Hemos adoptado una serie de medidas de seguridad para garantizar la seguridad de los datos personales que conservamos. Por ejemplo, el acceso a las \u00e1reas donde se almacenan los datos personales est\u00e1 limitado a nuestros empleados y proveedores de servicios que lo necesitan en el desempe\u00f1o de sus funciones y que est\u00e1n informados de la importancia de mantener la seguridad y confidencialidad de los datos personales que guardamos. Mantenemos salvaguardias y normas de seguridad adecuadas para proteger tus datos personales contra el acceso no autorizado, la divulgaci\u00f3n o el uso indebido. Tambi\u00e9n supervisamos nuestros sistemas para descubrir vulnerabilidades con el fin de proteger tus datos personales.   <\/p>\n<h4><strong>3.1 \u00bfD\u00f3nde tratamos tus datos personales?<\/strong><\/h4>\n<p>Nos esforzamos por procesar siempre tus datos personales dentro de la UE y el EEE. Sin embargo, podemos transferir tus datos personales a nuestros proveedores de servicios, que pueden estar ubicados o tener actividades comerciales en un pa\u00eds fuera de la UE y del EEE. En caso de que se produzca dicha transferencia, se har\u00e1 de conformidad con la legislaci\u00f3n aplicable en materia de protecci\u00f3n de datos, por ejemplo, asegur\u00e1ndonos de que el pa\u00eds en el que se encuentre el destinatario garantice un nivel adecuado de protecci\u00f3n de datos seg\u00fan la Comisi\u00f3n Europea o mediante el uso de cl\u00e1usulas contractuales tipo que la Comisi\u00f3n Europea haya emitido, adem\u00e1s de medidas complementarias adecuadas para salvaguardar tus derechos y libertades.  <\/p>\n<h2><strong>4 TUS DERECHOS<\/strong><\/h2>\n<p>En esta secci\u00f3n, describimos tus derechos en virtud de la legislaci\u00f3n aplicable sobre protecci\u00f3n de datos. Puedes enviarnos un correo electr\u00f3nico a gdpr@sedanamedical.com para ejercer tus derechos o si tienes alguna pregunta o comentario sobre nuestro tratamiento de tus datos personales o sobre esta Pol\u00edtica de privacidad. Te responderemos sin demora una vez comprobada tu identidad.  <\/p>\n<p>Tus derechos en relaci\u00f3n con tus datos personales son los siguientes:<\/p>\n<ul>\n<li><strong>Derecho a la informaci\u00f3n  <\/strong><\/li>\n<\/ul>\n<p>Tienes derecho a ser informado cuando se procesen tus datos personales. Te proporcionamos dicha informaci\u00f3n a trav\u00e9s de este aviso y respondiendo a tus preguntas. <\/p>\n<ul>\n<li><strong>Derecho de acceso  <\/strong><\/li>\n<\/ul>\n<p>Tienes derecho a solicitar una copia de tus datos personales si quieres saber qu\u00e9 informaci\u00f3n tenemos y procesamos sobre ti.<\/p>\n<ul>\n<li><strong>Derecho de rectificaci\u00f3n<\/strong><\/li>\n<\/ul>\n<p>Tienes derecho a que se corrijan los datos personales inexactos. Adem\u00e1s, tienes derecho a completar cualquier dato personal incompleto teniendo en cuenta la finalidad para la que procesamos tus datos personales. <\/p>\n<ul>\n<li><strong>Derecho de supresi\u00f3n<\/strong><\/li>\n<\/ul>\n<p>Tienes derecho a solicitar que se borren tus datos personales, lo que tambi\u00e9n puede denominarse \u00abderecho al olvido\u00bb.<\/p>\n<ul>\n<li><strong>Derecho a la limitaci\u00f3n del tratamiento<\/strong><\/li>\n<\/ul>\n<p>Tienes derecho a solicitar que se restrinja el tratamiento de datos personales.<\/p>\n<ul>\n<li><strong>Derecho de oposici\u00f3n y retirada del consentimiento<\/strong><\/li>\n<\/ul>\n<p>Tienes derecho a oponerte al tratamiento de datos personales que llevamos a cabo en virtud de nuestro inter\u00e9s leg\u00edtimo. Si te opones a dicho tratamiento, s\u00f3lo podremos seguir tratando los datos si demostramos que existen motivos leg\u00edtimos para que tratemos los datos cuando nuestros intereses prevalezcan sobre los tuyos, por ejemplo, cuando el tratamiento sea para el establecimiento, ejercicio o defensa de reclamaciones legales. Un ejemplo de cuando tus intereses prevalecen sobre los nuestros es cuando te opones a la comercializaci\u00f3n. Siempre que estemos procesando datos personales bas\u00e1ndonos en tu consentimiento previamente otorgado, tambi\u00e9n podr\u00e1s retirar dicho consentimiento otorgado.   <\/p>\n<ul>\n<li><strong>Derecho a la portabilidad de los datos<\/strong><\/li>\n<\/ul>\n<p>Cuando tratemos datos personales por medios automatizados sobre la base de tu consentimiento o para la ejecuci\u00f3n de un contrato contigo, tienes derecho a obtener tus datos personales en un formato estructurado, de uso com\u00fan y lectura mec\u00e1nica, con el fin de transferirlos a otro responsable del tratamiento.<\/p>\n<ul>\n<li><strong>Derecho a presentar una denuncia<\/strong><\/li>\n<\/ul>\n<p>Tienes derecho a presentar una reclamaci\u00f3n ante la autoridad sueca de protecci\u00f3n de datos, Integritetsskyddsmyndigheten (IMY), que es la autoridad supervisora sueca para el tratamiento de datos personales que realiza Sedana Medical AB (publ). Ten en cuenta que, en tal caso, tambi\u00e9n puedes ponerte en contacto con nosotros. <\/p>\n<p>Para m\u00e1s informaci\u00f3n sobre cada derecho, consulta <a href=\"https:\/\/www.imy.se\/privatperson\/dataskydd\/dina-rattigheter\/\" target=\"_blank\" rel=\"noopener\">aqu\u00ed<\/a> (en sueco).<\/p>\n<h2><strong>5 REVISIONES<\/strong><\/h2>\n<p>Podemos cambiar esta Pol\u00edtica de Privacidad en cualquier momento y de vez en cuando. La versi\u00f3n m\u00e1s reciente de la Pol\u00edtica de Privacidad se refleja en la fecha de la versi\u00f3n situada en la parte inferior de esta Pol\u00edtica de Privacidad. Todas las actualizaciones y modificaciones son efectivas inmediatamente despu\u00e9s de su notificaci\u00f3n, que podemos realizar por cualquier medio, incluyendo, pero no limitado a, la publicaci\u00f3n de una versi\u00f3n revisada de esta Pol\u00edtica de Privacidad u otro aviso en nuestro Sitio Web. Te animamos a que revises esta Pol\u00edtica de Privacidad con frecuencia para mantenerte informado de los cambios que puedan afectarte, ya que tu uso continuado del Sitio Web significa que sigues consintiendo en quedar vinculado por esta Pol\u00edtica de Privacidad. Nuestras copias de esta Pol\u00edtica de Privacidad, almacenadas electr\u00f3nicamente o de cualquier otro modo, se consideran copias aut\u00e9nticas, completas, v\u00e1lidas y ejecutables de la versi\u00f3n de esta Pol\u00edtica de Privacidad que estaban en vigor en cada una de las fechas en las que visitaste el Sitio Web.    <\/p>\n<p>[\/et_pb_text][\/et_pb_column][\/et_pb_row][\/et_pb_section]<\/p>\n","protected":false},"excerpt":{"rendered":"<p>Inicio Pol\u00edtica de privacidad 1 RESUMEN EJECUTIVO Esta Pol\u00edtica de Privacidad describe c\u00f3mo Sedana Medical AB (publ), reg. no. 556670-2519, y las entidades del grupo Sedana Medical tratan los datos personales. Dichas entidades del grupo Sedana Medical act\u00faan como responsables del tratamiento de sus respectivos datos personales. Con respecto a nuestro uso de cookies, nos [&hellip;]<\/p>\n","protected":false},"author":249802924,"featured_media":0,"parent":6661,"menu_order":0,"comment_status":"closed","ping_status":"closed","template":"","meta":{"_acf_changed":false,"_et_pb_use_builder":"on","_et_pb_old_content":"","_et_gb_content_width":"","_crdt_document":"","footnotes":""},"dipi_cpt_category":[],"class_list":["post-6503","page","type-page","status-publish","hentry"],"acf":[],"yoast_head":"<!-- This site is optimized with the Yoast SEO plugin v27.5 - https:\/\/yoast.com\/product\/yoast-seo-wordpress\/ -->\n<title>Pol\u00edtica de privacidad - Sedana Medical<\/title>\n<meta name=\"robots\" content=\"index, follow, max-snippet:-1, max-image-preview:large, max-video-preview:-1\" \/>\n<link rel=\"canonical\" href=\"https:\/\/sedanamedical.com\/es\/gobierno-corporativo\/politica-de-privacidad\/\" \/>\n<meta property=\"og:locale\" content=\"es_ES\" \/>\n<meta property=\"og:type\" content=\"article\" \/>\n<meta property=\"og:title\" content=\"Pol\u00edtica de privacidad - Sedana Medical\" \/>\n<meta property=\"og:description\" content=\"Inicio Pol\u00edtica de privacidad 1 RESUMEN EJECUTIVO Esta Pol\u00edtica de Privacidad describe c\u00f3mo Sedana Medical AB (publ), reg. no. 556670-2519, y las entidades del grupo Sedana Medical tratan los datos personales. Dichas entidades del grupo Sedana Medical act\u00faan como responsables del tratamiento de sus respectivos datos personales. Con respecto a nuestro uso de cookies, nos [&hellip;]\" \/>\n<meta property=\"og:url\" content=\"https:\/\/sedanamedical.com\/es\/gobierno-corporativo\/politica-de-privacidad\/\" \/>\n<meta property=\"og:site_name\" content=\"Sedana Medical\" \/>\n<meta property=\"article:modified_time\" content=\"2025-05-13T15:44:52+00:00\" \/>\n<meta name=\"twitter:card\" content=\"summary_large_image\" \/>\n<meta name=\"twitter:label1\" content=\"Tiempo de lectura\" \/>\n\t<meta name=\"twitter:data1\" content=\"20 minutos\" \/>\n<script type=\"application\/ld+json\" class=\"yoast-schema-graph\">{\"@context\":\"https:\\\/\\\/schema.org\",\"@graph\":[{\"@type\":\"WebPage\",\"@id\":\"https:\\\/\\\/sedanamedical.com\\\/es\\\/gobierno-corporativo\\\/politica-de-privacidad\\\/\",\"url\":\"https:\\\/\\\/sedanamedical.com\\\/es\\\/gobierno-corporativo\\\/politica-de-privacidad\\\/\",\"name\":\"Pol\u00edtica de privacidad - Sedana Medical\",\"isPartOf\":{\"@id\":\"https:\\\/\\\/sedanamedical.com\\\/#website\"},\"datePublished\":\"2024-11-13T09:41:05+00:00\",\"dateModified\":\"2025-05-13T15:44:52+00:00\",\"breadcrumb\":{\"@id\":\"https:\\\/\\\/sedanamedical.com\\\/es\\\/gobierno-corporativo\\\/politica-de-privacidad\\\/#breadcrumb\"},\"inLanguage\":\"es\",\"potentialAction\":[{\"@type\":\"ReadAction\",\"target\":[\"https:\\\/\\\/sedanamedical.com\\\/es\\\/gobierno-corporativo\\\/politica-de-privacidad\\\/\"]}]},{\"@type\":\"BreadcrumbList\",\"@id\":\"https:\\\/\\\/sedanamedical.com\\\/es\\\/gobierno-corporativo\\\/politica-de-privacidad\\\/#breadcrumb\",\"itemListElement\":[{\"@type\":\"ListItem\",\"position\":1,\"name\":\"Home\",\"item\":\"https:\\\/\\\/sedanamedical.com\\\/es\\\/inicio\\\/\"},{\"@type\":\"ListItem\",\"position\":2,\"name\":\"Gobierno corporativo\",\"item\":\"https:\\\/\\\/sedanamedical.com\\\/es\\\/gobierno-corporativo\\\/\"},{\"@type\":\"ListItem\",\"position\":3,\"name\":\"Pol\u00edtica de privacidad\"}]},{\"@type\":\"WebSite\",\"@id\":\"https:\\\/\\\/sedanamedical.com\\\/#website\",\"url\":\"https:\\\/\\\/sedanamedical.com\\\/\",\"name\":\"Sedana Medical\",\"description\":\"Inhaled Sedation\",\"potentialAction\":[{\"@type\":\"SearchAction\",\"target\":{\"@type\":\"EntryPoint\",\"urlTemplate\":\"https:\\\/\\\/sedanamedical.com\\\/?s={search_term_string}\"},\"query-input\":{\"@type\":\"PropertyValueSpecification\",\"valueRequired\":true,\"valueName\":\"search_term_string\"}}],\"inLanguage\":\"es\"}]}<\/script>\n<!-- \/ Yoast SEO plugin. -->","yoast_head_json":{"title":"Pol\u00edtica de privacidad - Sedana Medical","robots":{"index":"index","follow":"follow","max-snippet":"max-snippet:-1","max-image-preview":"max-image-preview:large","max-video-preview":"max-video-preview:-1"},"canonical":"https:\/\/sedanamedical.com\/es\/gobierno-corporativo\/politica-de-privacidad\/","og_locale":"es_ES","og_type":"article","og_title":"Pol\u00edtica de privacidad - Sedana Medical","og_description":"Inicio Pol\u00edtica de privacidad 1 RESUMEN EJECUTIVO Esta Pol\u00edtica de Privacidad describe c\u00f3mo Sedana Medical AB (publ), reg. no. 556670-2519, y las entidades del grupo Sedana Medical tratan los datos personales. Dichas entidades del grupo Sedana Medical act\u00faan como responsables del tratamiento de sus respectivos datos personales. Con respecto a nuestro uso de cookies, nos [&hellip;]","og_url":"https:\/\/sedanamedical.com\/es\/gobierno-corporativo\/politica-de-privacidad\/","og_site_name":"Sedana Medical","article_modified_time":"2025-05-13T15:44:52+00:00","twitter_card":"summary_large_image","twitter_misc":{"Tiempo de lectura":"20 minutos"},"schema":{"@context":"https:\/\/schema.org","@graph":[{"@type":"WebPage","@id":"https:\/\/sedanamedical.com\/es\/gobierno-corporativo\/politica-de-privacidad\/","url":"https:\/\/sedanamedical.com\/es\/gobierno-corporativo\/politica-de-privacidad\/","name":"Pol\u00edtica de privacidad - Sedana Medical","isPartOf":{"@id":"https:\/\/sedanamedical.com\/#website"},"datePublished":"2024-11-13T09:41:05+00:00","dateModified":"2025-05-13T15:44:52+00:00","breadcrumb":{"@id":"https:\/\/sedanamedical.com\/es\/gobierno-corporativo\/politica-de-privacidad\/#breadcrumb"},"inLanguage":"es","potentialAction":[{"@type":"ReadAction","target":["https:\/\/sedanamedical.com\/es\/gobierno-corporativo\/politica-de-privacidad\/"]}]},{"@type":"BreadcrumbList","@id":"https:\/\/sedanamedical.com\/es\/gobierno-corporativo\/politica-de-privacidad\/#breadcrumb","itemListElement":[{"@type":"ListItem","position":1,"name":"Home","item":"https:\/\/sedanamedical.com\/es\/inicio\/"},{"@type":"ListItem","position":2,"name":"Gobierno corporativo","item":"https:\/\/sedanamedical.com\/es\/gobierno-corporativo\/"},{"@type":"ListItem","position":3,"name":"Pol\u00edtica de privacidad"}]},{"@type":"WebSite","@id":"https:\/\/sedanamedical.com\/#website","url":"https:\/\/sedanamedical.com\/","name":"Sedana Medical","description":"Inhaled Sedation","potentialAction":[{"@type":"SearchAction","target":{"@type":"EntryPoint","urlTemplate":"https:\/\/sedanamedical.com\/?s={search_term_string}"},"query-input":{"@type":"PropertyValueSpecification","valueRequired":true,"valueName":"search_term_string"}}],"inLanguage":"es"}]}},"jetpack_likes_enabled":true,"jetpack_shortlink":"https:\/\/wp.me\/PfIDHR-1GT","jetpack-related-posts":[],"jetpack_sharing_enabled":true,"_links":{"self":[{"href":"https:\/\/sedanamedical.com\/es\/wp-json\/wp\/v2\/pages\/6503","targetHints":{"allow":["GET"]}}],"collection":[{"href":"https:\/\/sedanamedical.com\/es\/wp-json\/wp\/v2\/pages"}],"about":[{"href":"https:\/\/sedanamedical.com\/es\/wp-json\/wp\/v2\/types\/page"}],"author":[{"embeddable":true,"href":"https:\/\/sedanamedical.com\/es\/wp-json\/wp\/v2\/users\/249802924"}],"replies":[{"embeddable":true,"href":"https:\/\/sedanamedical.com\/es\/wp-json\/wp\/v2\/comments?post=6503"}],"version-history":[{"count":16,"href":"https:\/\/sedanamedical.com\/es\/wp-json\/wp\/v2\/pages\/6503\/revisions"}],"predecessor-version":[{"id":15807,"href":"https:\/\/sedanamedical.com\/es\/wp-json\/wp\/v2\/pages\/6503\/revisions\/15807"}],"up":[{"embeddable":true,"href":"https:\/\/sedanamedical.com\/es\/wp-json\/wp\/v2\/pages\/6661"}],"wp:attachment":[{"href":"https:\/\/sedanamedical.com\/es\/wp-json\/wp\/v2\/media?parent=6503"}],"wp:term":[{"taxonomy":"dipi_cpt_category","embeddable":true,"href":"https:\/\/sedanamedical.com\/es\/wp-json\/wp\/v2\/dipi_cpt_category?post=6503"}],"curies":[{"name":"wp","href":"https:\/\/api.w.org\/{rel}","templated":true}]}}